{"id":355,"date":"2017-02-16T16:59:34","date_gmt":"2017-02-16T15:59:34","guid":{"rendered":"http:\/\/eule-dresden.de\/?page_id=355"},"modified":"2021-07-30T07:36:51","modified_gmt":"2021-07-30T05:36:51","slug":"raeumlichkeiten","status":"publish","type":"page","link":"https:\/\/eule-dresden.de\/?page_id=355","title":{"rendered":"R\u00e4umlichkeiten"},"content":{"rendered":"\n<div style=\"height:20px\" aria-hidden=\"true\" class=\"wp-block-spacer\"><\/div>\n\n\n\n<h2 class=\"has-text-align-center wp-block-heading\">Festsaal f\u00fcr bis zu 120 Personen (NEU &#8211; jetzt klimatisiert)<\/h2>\n\n\n\n<p><\/p>\n\n\n\n<div style=\"height:20px\" aria-hidden=\"true\" class=\"wp-block-spacer\"><\/div>\n\n\n\n<div class=\"wp-block-columns is-layout-flex wp-container-core-columns-is-layout-9d6595d7 wp-block-columns-is-layout-flex\">\n<div class=\"wp-block-column is-layout-flow wp-block-column-is-layout-flow\" style=\"flex-basis:67%\">\n<p>Der legend\u00e4re Festsaal mit separatem Zugang befindet sich in der 1. Etage. Er empfiehlt sich f\u00fcr gesellschaftliche Anl\u00e4sse aller Art. Gern werden hier Hochzeiten, Tagungen, Jubil\u00e4en, Empf\u00e4nge, Weihnachtsfeiern etc. durchgef\u00fchrt. Eine B\u00fchne mit ad\u00e4quater Technik steht zur Verf\u00fcgung. Auch eine Bar befindet sich im Saal. Je nach Aufbau und Bestuhlungsart finden bis zu 120 G\u00e4ste Platz. An runden Tischen k\u00f6nnen jeweils max. 10 Personen sitzen.<\/p>\n\n\n\n<p>Gern \u00fcbernehmen wir hier die entsprechende Tischdekoration, aber auch die Gestaltung des kompletten Saales. Die Anmietung kann tags\u00fcber erfolgen, aber maximal bis 2:00 Uhr.<\/p>\n<\/div>\n\n\n\n<div class=\"wp-block-column is-layout-flow wp-block-column-is-layout-flow\" style=\"flex-basis:33%\">\n<figure class=\"wp-block-image size-large\"><a href=\"https:\/\/eule-dresden.de\/wp-content\/uploads\/2017\/02\/OG-1_bestuhlung.png\" rel=\"lightbox-0\"><img loading=\"lazy\" decoding=\"async\" width=\"600\" height=\"417\" src=\"https:\/\/eule-dresden.de\/wp-content\/uploads\/2017\/02\/OG-1_bestuhlung.png\" alt=\"\" class=\"wp-image-414\"\/><\/a><\/figure>\n<\/div>\n<\/div>\n\n\n\n<div style=\"height:20px\" aria-hidden=\"true\" class=\"wp-block-spacer\"><\/div>\n\n\n\n<div class=\"embed-responsive embed-responsive-16by9\"><iframe class=\"embed-responsive-item\" style=\"border: 0;\" src=\"https:\/\/www.google.com\/maps\/embed?pb=!4v1516122262506!6m8!1m7!1sCAoSLEFGMVFpcE01WGhkcDJIY2NSV3dTMUxYUXNBVVNnam8xenR6Nng3eF9aSFF6!2m2!1d51.059223366187!2d13.83371892256!3f305.65273350284156!4f-11.634447501963166!5f0.7820865974627469\" allowfullscreen=\"allowfullscreen\" frameborder=\"0\"><\/iframe><\/div>\n\n\n\n<div style=\"height:40px\" aria-hidden=\"true\" class=\"wp-block-spacer\"><\/div>\n\n\n\n<hr class=\"wp-block-separator\"\/>\n\n\n\n<div style=\"height:20px\" aria-hidden=\"true\" class=\"wp-block-spacer\"><\/div>\n\n\n\n<h2 class=\"has-text-align-center wp-block-heading\">Kleiner Gastraum f\u00fcr bis zu 30 Personen<\/h2>\n\n\n\n<div style=\"height:20px\" aria-hidden=\"true\" class=\"wp-block-spacer\"><\/div>\n\n\n\n<div class=\"wp-block-columns is-layout-flex wp-container-core-columns-is-layout-9d6595d7 wp-block-columns-is-layout-flex\">\n<div class=\"wp-block-column is-vertically-aligned-center is-layout-flow wp-block-column-is-layout-flow\" style=\"flex-basis:33%\">\n<figure class=\"wp-block-image size-large\"><a href=\"https:\/\/eule-dresden.de\/wp-content\/uploads\/2021\/03\/EG_bestuhlung-neu.png\" rel=\"lightbox-1\"><img loading=\"lazy\" decoding=\"async\" width=\"415\" height=\"281\" src=\"https:\/\/eule-dresden.de\/wp-content\/uploads\/2021\/03\/EG_bestuhlung-neu.png\" alt=\"\" class=\"wp-image-501\"\/><\/a><\/figure>\n<\/div>\n\n\n\n<div class=\"wp-block-column is-vertically-aligned-center is-layout-flow wp-block-column-is-layout-flow\" style=\"flex-basis:67%\">\n<p>Der kleine, rustikale, gem\u00fctliche Gastraum ist die ideale Location f\u00fcr private Feiern, Stammtische, Vereinstreffen, Klassentreffen etc.<\/p>\n\n\n\n<p>Die Anmietung kann tags\u00fcber erfolgen, aber maximal bis 2:00 Uhr.<\/p>\n<\/div>\n<\/div>\n\n\n\n<div style=\"height:40px\" aria-hidden=\"true\" class=\"wp-block-spacer\"><\/div>\n\n\n\n<hr class=\"wp-block-separator\"\/>\n\n\n\n<div style=\"height:20px\" aria-hidden=\"true\" class=\"wp-block-spacer\"><\/div>\n\n\n\n<h2 class=\"has-text-align-center wp-block-heading\">Biergarten<\/h2>\n\n\n\n<div style=\"height:20px\" aria-hidden=\"true\" class=\"wp-block-spacer\"><\/div>\n\n\n\n<p>Unter den altehrw\u00fcrdigen Linden befindet sich ein Biergarten (60m2) f\u00fcr 60 Personen und mit angrenzendem Spielplatz. Ideal geeignet f\u00fcr Empf\u00e4nge, Kaffeetrinken, Grillabende und f\u00fcr Pausen bei Seminaren. Auch kombinierbar mit dem Kleinen Gastraum.<\/p>\n\n\n\n<p>Ge\u00f6ffnet bis 22:00 Uhr.<\/p>\n\n\n\n<div style=\"height:20px\" aria-hidden=\"true\" class=\"wp-block-spacer\"><\/div>\n\n\n\n<div class=\"embed-responsive embed-responsive-16by9\"><iframe style=\"border: 0;\" src=\"https:\/\/www.google.com\/maps\/embed?pb=!4v1516122539695!6m8!1m7!1sCAoSLEFGMVFpcFBEZVNBRVVyaHNCd3VpVDdvdmNVNnd3Q0hpUUI1cmtqd3duQXk5!2m2!1d51.05912414569!2d13.833495018713!3f127.11214951011584!4f-3.0263330917113933!5f0.7820865974627469\" allowfullscreen=\"allowfullscreen\" frameborder=\"0\"><\/iframe><\/div>\n","protected":false},"excerpt":{"rendered":"<p>Festsaal f\u00fcr bis zu 120 Personen (NEU &#8211; jetzt klimatisiert) Der legend\u00e4re Festsaal mit separatem Zugang befindet sich in der 1. Etage. Er empfiehlt sich f\u00fcr gesellschaftliche Anl\u00e4sse aller Art. Gern werden hier Hochzeiten, Tagungen, Jubil\u00e4en, Empf\u00e4nge, Weihnachtsfeiern etc. durchgef\u00fchrt. Eine B\u00fchne mit ad\u00e4quater Technik steht zur Verf\u00fcgung. Auch eine Bar befindet sich im Saal&#8230;. <br \/><a class=\"read-more btn btn-default btn-xs\" title=\"weiter lesen\" href=\"https:\/\/eule-dresden.de\/?page_id=355\"> weiter lesen<\/a><\/p>\n","protected":false},"author":1,"featured_media":442,"parent":0,"menu_order":0,"comment_status":"closed","ping_status":"closed","template":"","meta":{"_featured_slider_tag":"","footnotes":""},"class_list":["post-355","page","type-page","status-publish","has-post-thumbnail","hentry"],"_links":{"self":[{"href":"https:\/\/eule-dresden.de\/index.php?rest_route=\/wp\/v2\/pages\/355","targetHints":{"allow":["GET"]}}],"collection":[{"href":"https:\/\/eule-dresden.de\/index.php?rest_route=\/wp\/v2\/pages"}],"about":[{"href":"https:\/\/eule-dresden.de\/index.php?rest_route=\/wp\/v2\/types\/page"}],"author":[{"embeddable":true,"href":"https:\/\/eule-dresden.de\/index.php?rest_route=\/wp\/v2\/users\/1"}],"replies":[{"embeddable":true,"href":"https:\/\/eule-dresden.de\/index.php?rest_route=%2Fwp%2Fv2%2Fcomments&post=355"}],"version-history":[{"count":26,"href":"https:\/\/eule-dresden.de\/index.php?rest_route=\/wp\/v2\/pages\/355\/revisions"}],"predecessor-version":[{"id":547,"href":"https:\/\/eule-dresden.de\/index.php?rest_route=\/wp\/v2\/pages\/355\/revisions\/547"}],"wp:featuredmedia":[{"embeddable":true,"href":"https:\/\/eule-dresden.de\/index.php?rest_route=\/wp\/v2\/media\/442"}],"wp:attachment":[{"href":"https:\/\/eule-dresden.de\/index.php?rest_route=%2Fwp%2Fv2%2Fmedia&parent=355"}],"curies":[{"name":"wp","href":"https:\/\/api.w.org\/{rel}","templated":true}]}}